{"id":6304,"date":"2023-12-13T11:45:07","date_gmt":"2023-12-13T10:45:07","guid":{"rendered":"https:\/\/couronne-morges.chbar\/"},"modified":"2025-04-28T11:09:53","modified_gmt":"2025-04-28T09:09:53","slug":"bar","status":"publish","type":"page","link":"https:\/\/couronne-morges.ch\/de\/bar\/","title":{"rendered":"FAHRRAD-RAUM"},"content":{"rendered":"\t\t<div data-elementor-type=\"wp-page\" data-elementor-id=\"6304\" class=\"elementor elementor-6304 elementor-6299\" data-elementor-post-type=\"page\">\n\t\t\t\t<div class=\"elementor-element elementor-element-64fa737 e-flex e-con-boxed e-con e-parent\" data-id=\"64fa737\" data-element_type=\"container\" data-e-type=\"container\">\n\t\t\t\t\t<div class=\"e-con-inner\">\n\t\t<div class=\"elementor-element elementor-element-a767a85 e-con-full e-flex e-con e-child\" data-id=\"a767a85\" data-element_type=\"container\" data-e-type=\"container\">\n\t\t\t\t<div class=\"elementor-element elementor-element-34ec45e elementor-widget__width-initial elementor-widget elementor-widget-heading\" data-id=\"34ec45e\" data-element_type=\"widget\" data-e-type=\"widget\" data-widget_type=\"heading.default\">\n\t\t\t\t\t<h1 class=\"elementor-heading-title elementor-size-default\">FAHRRAD-RAUM<\/h1>\t\t\t\t<\/div>\n\t\t\t\t<div class=\"elementor-element elementor-element-4a4249b elementor-widget-divider--view-line elementor-widget elementor-widget-divider\" data-id=\"4a4249b\" data-element_type=\"widget\" data-e-type=\"widget\" data-widget_type=\"divider.default\">\n\t\t\t\t\t\t\t<div class=\"elementor-divider\">\n\t\t\t<span class=\"elementor-divider-separator\">\n\t\t\t\t\t\t<\/span>\n\t\t<\/div>\n\t\t\t\t\t\t<\/div>\n\t\t<div class=\"elementor-element elementor-element-018a6ef e-flex e-con-boxed e-con e-child\" data-id=\"018a6ef\" data-element_type=\"container\" data-e-type=\"container\">\n\t\t\t\t\t<div class=\"e-con-inner\">\n\t\t\t\t<div class=\"elementor-element elementor-element-d108d53 elementor-widget elementor-widget-text-editor\" data-id=\"d108d53\" data-element_type=\"widget\" data-e-type=\"widget\" data-widget_type=\"text-editor.default\">\n\t\t\t\t\t\t\t\t\t<p>Wir freuen uns, Ihnen unseren brandneuen Fahrradraum vorstellen zu k\u00f6nnen, der mit Blick auf Komfort, Bequemlichkeit und Sicherheit konzipiert wurde. Der Raum befindet sich nur wenige Meter vom Haupteingang entfernt, ist f\u00fcr alle G\u00e4ste leicht zug\u00e4nglich und bietet alles, was man f\u00fcr einen sorgenfreien Aufenthalt braucht.<\/p>\n<p>Der Raum verf\u00fcgt \u00fcber zwei elektrische Ladestationen f\u00fcr E-Bikes, ein Waschbecken f\u00fcr die schnelle Reinigung und hochwertige Fahrradst\u00e4nder, damit Ihr Fahrrad sicher und aufrecht steht. Egal, ob Sie ein begeisterter Radfahrer sind, der die Gegend erkundet, oder ob Sie einfach nur mit Ihrem Fahrrad unterwegs sind, Sie k\u00f6nnen sich beruhigt zur\u00fccklehnen, denn Sie wissen, dass Ihre<\/p>\n<p>Ausr\u00fcstung in einer speziellen, sicheren Umgebung gesch\u00fctzt ist. Wir in unserem Hotel wissen, wie wichtig es ist, dass Sie sich sicher f\u00fchlen, wo Sie Ihr Fahrrad abstellen, und wir sind stolz darauf, eine Einrichtung anbieten zu k\u00f6nnen, die einen gesunden, aktiven Lebensstil unterst\u00fctzt.<\/p>\n\t\t\t\t\t\t\t\t<\/div>\n\t\t\t\t\t<\/div>\n\t\t\t\t<\/div>\n\t\t\t\t<\/div>\n\t\t<div class=\"elementor-element elementor-element-bdb02cd e-con-full elementor-hidden-tablet elementor-hidden-mobile e-flex e-con e-child\" data-id=\"bdb02cd\" data-element_type=\"container\" data-e-type=\"container\" data-settings=\"{&quot;motion_fx_motion_fx_scrolling&quot;:&quot;yes&quot;,&quot;motion_fx_translateY_effect&quot;:&quot;yes&quot;,&quot;motion_fx_translateY_speed&quot;:{&quot;unit&quot;:&quot;px&quot;,&quot;size&quot;:4,&quot;sizes&quot;:[]},&quot;motion_fx_translateY_affectedRange&quot;:{&quot;unit&quot;:&quot;%&quot;,&quot;size&quot;:&quot;&quot;,&quot;sizes&quot;:{&quot;start&quot;:0,&quot;end&quot;:100}},&quot;motion_fx_devices&quot;:[&quot;desktop&quot;,&quot;tablet&quot;,&quot;mobile&quot;]}\">\n\t\t\t\t<div class=\"elementor-element elementor-element-8ec4c5c elementor-widget elementor-widget-image\" data-id=\"8ec4c5c\" data-element_type=\"widget\" data-e-type=\"widget\" data-widget_type=\"image.default\">\n\t\t\t\t\t\t\t\t\t\t\t\t\t\t\t<img fetchpriority=\"high\" decoding=\"async\" width=\"1200\" height=\"1378\" src=\"https:\/\/couronne-morges.ch\/wp-content\/uploads\/2025\/04\/DSC05526-copy-1.jpg\" class=\"attachment-1536x1536 size-1536x1536 wp-image-7427\" alt=\"\" srcset=\"https:\/\/couronne-morges.ch\/wp-content\/uploads\/2025\/04\/DSC05526-copy-1.jpg 1200w, https:\/\/couronne-morges.ch\/wp-content\/uploads\/2025\/04\/DSC05526-copy-1-261x300.jpg 261w, https:\/\/couronne-morges.ch\/wp-content\/uploads\/2025\/04\/DSC05526-copy-1-892x1024.jpg 892w, https:\/\/couronne-morges.ch\/wp-content\/uploads\/2025\/04\/DSC05526-copy-1-768x882.jpg 768w\" sizes=\"(max-width: 1200px) 100vw, 1200px\" \/>\t\t\t\t\t\t\t\t\t\t\t\t\t\t\t<\/div>\n\t\t\t\t<\/div>\n\t\t<div class=\"elementor-element elementor-element-584a7cd e-con-full elementor-hidden-desktop e-flex e-con e-child\" data-id=\"584a7cd\" data-element_type=\"container\" data-e-type=\"container\">\n\t\t\t\t<div class=\"elementor-element elementor-element-415f0b2 elementor-widget elementor-widget-image\" data-id=\"415f0b2\" data-element_type=\"widget\" data-e-type=\"widget\" data-widget_type=\"image.default\">\n\t\t\t\t\t\t\t\t\t\t\t\t\t\t\t<img decoding=\"async\" width=\"1200\" height=\"1378\" src=\"https:\/\/couronne-morges.ch\/wp-content\/uploads\/2025\/04\/DSC05526-copy-1.jpg\" class=\"attachment-full size-full wp-image-7427\" alt=\"\" srcset=\"https:\/\/couronne-morges.ch\/wp-content\/uploads\/2025\/04\/DSC05526-copy-1.jpg 1200w, https:\/\/couronne-morges.ch\/wp-content\/uploads\/2025\/04\/DSC05526-copy-1-261x300.jpg 261w, https:\/\/couronne-morges.ch\/wp-content\/uploads\/2025\/04\/DSC05526-copy-1-892x1024.jpg 892w, https:\/\/couronne-morges.ch\/wp-content\/uploads\/2025\/04\/DSC05526-copy-1-768x882.jpg 768w\" sizes=\"(max-width: 1200px) 100vw, 1200px\" \/>\t\t\t\t\t\t\t\t\t\t\t\t\t\t\t<\/div>\n\t\t\t\t<\/div>\n\t\t\t\t\t<\/div>\n\t\t\t\t<\/div>\n\t\t<div class=\"elementor-element elementor-element-1e73cf2 e-flex e-con-boxed e-con e-parent\" data-id=\"1e73cf2\" data-element_type=\"container\" data-e-type=\"container\">\n\t\t\t\t\t<div class=\"e-con-inner\">\n\t\t<div class=\"elementor-element elementor-element-8431dd6 e-con-full e-flex e-con e-child\" data-id=\"8431dd6\" data-element_type=\"container\" data-e-type=\"container\">\n\t\t<div class=\"elementor-element elementor-element-02ef953 e-con-full e-flex e-con e-child\" data-id=\"02ef953\" data-element_type=\"container\" data-e-type=\"container\" data-settings=\"{&quot;motion_fx_motion_fx_scrolling&quot;:&quot;yes&quot;,&quot;motion_fx_translateY_effect&quot;:&quot;yes&quot;,&quot;motion_fx_translateY_affectedRange&quot;:{&quot;unit&quot;:&quot;%&quot;,&quot;size&quot;:&quot;&quot;,&quot;sizes&quot;:{&quot;start&quot;:0,&quot;end&quot;:50}},&quot;motion_fx_translateY_speed&quot;:{&quot;unit&quot;:&quot;px&quot;,&quot;size&quot;:4,&quot;sizes&quot;:[]},&quot;motion_fx_devices&quot;:[&quot;desktop&quot;,&quot;tablet&quot;,&quot;mobile&quot;]}\">\n\t\t\t\t<div class=\"elementor-element elementor-element-b3707a6 elementor-widget elementor-widget-image\" data-id=\"b3707a6\" data-element_type=\"widget\" data-e-type=\"widget\" data-widget_type=\"image.default\">\n\t\t\t\t\t\t\t\t\t\t\t\t\t\t\t<img decoding=\"async\" width=\"800\" height=\"800\" src=\"https:\/\/couronne-morges.ch\/wp-content\/uploads\/2025\/04\/DSC05532-copy-1024x1024.jpg\" class=\"attachment-large size-large wp-image-7431\" alt=\"\" srcset=\"https:\/\/couronne-morges.ch\/wp-content\/uploads\/2025\/04\/DSC05532-copy-1024x1024.jpg 1024w, https:\/\/couronne-morges.ch\/wp-content\/uploads\/2025\/04\/DSC05532-copy-300x300.jpg 300w, https:\/\/couronne-morges.ch\/wp-content\/uploads\/2025\/04\/DSC05532-copy-150x150.jpg 150w, https:\/\/couronne-morges.ch\/wp-content\/uploads\/2025\/04\/DSC05532-copy-768x768.jpg 768w, https:\/\/couronne-morges.ch\/wp-content\/uploads\/2025\/04\/DSC05532-copy-700x700.jpg 700w, https:\/\/couronne-morges.ch\/wp-content\/uploads\/2025\/04\/DSC05532-copy.jpg 1300w\" sizes=\"(max-width: 800px) 100vw, 800px\" \/>\t\t\t\t\t\t\t\t\t\t\t\t\t\t\t<\/div>\n\t\t\t\t<\/div>\n\t\t\t\t<\/div>\n\t\t<div class=\"elementor-element elementor-element-7f106d9 e-con-full e-flex e-con e-child\" data-id=\"7f106d9\" data-element_type=\"container\" data-e-type=\"container\">\n\t\t\t\t<div class=\"elementor-element elementor-element-7566217 elementor-widget__width-inherit elementor-widget elementor-widget-heading\" data-id=\"7566217\" data-element_type=\"widget\" data-e-type=\"widget\" data-widget_type=\"heading.default\">\n\t\t\t\t\t<h2 class=\"elementor-heading-title elementor-size-default\">RADELN MORGES<\/h2>\t\t\t\t<\/div>\n\t\t\t\t<div class=\"elementor-element elementor-element-93f8b53 elementor-widget-divider--view-line elementor-widget elementor-widget-divider\" data-id=\"93f8b53\" data-element_type=\"widget\" data-e-type=\"widget\" data-widget_type=\"divider.default\">\n\t\t\t\t\t\t\t<div class=\"elementor-divider\">\n\t\t\t<span class=\"elementor-divider-separator\">\n\t\t\t\t\t\t<\/span>\n\t\t<\/div>\n\t\t\t\t\t\t<\/div>\n\t\t\t\t<div class=\"elementor-element elementor-element-5b9d177 elementor-widget elementor-widget-text-editor\" data-id=\"5b9d177\" data-element_type=\"widget\" data-e-type=\"widget\" data-widget_type=\"text-editor.default\">\n\t\t\t\t\t\t\t\t\t<p>Die Region Morges bietet einige der landschaftlich reizvollsten Radrouten der Schweiz. Ob Sie nun am malerischen Seeufer entlang fahren oder die h\u00fcgeligen Weinberge erkunden, die Region ist ein Traum f\u00fcr Radfahrer. Mit seinen sch\u00f6nen Landschaften, dem milden Klima und der reizvollen Umgebung ist Morges das perfekte Ziel f\u00fcr Fahrradliebhaber. Von gem\u00fctlichen Fahrten bis hin zu anspruchsvollen Strecken bietet jede Radtour hier etwas Neues zu entdecken.<\/p>\n\t\t\t\t\t\t\t\t<\/div>\n\t\t\t\t<\/div>\n\t\t\t\t\t<\/div>\n\t\t\t\t<\/div>\n\t\t<div class=\"elementor-element elementor-element-cfc8e57 e-flex e-con-boxed e-con e-parent\" data-id=\"cfc8e57\" data-element_type=\"container\" data-e-type=\"container\" data-settings=\"{&quot;background_background&quot;:&quot;classic&quot;}\">\n\t\t\t\t\t<div class=\"e-con-inner\">\n\t\t\t\t\t<\/div>\n\t\t\t\t<\/div>\n\t\t<div class=\"elementor-element elementor-element-cfdae52 e-flex e-con-boxed e-con e-parent\" data-id=\"cfdae52\" data-element_type=\"container\" data-e-type=\"container\">\n\t\t\t\t\t<div class=\"e-con-inner\">\n\t\t<div class=\"elementor-element elementor-element-3a17f77 e-con-full e-flex e-con e-child\" data-id=\"3a17f77\" data-element_type=\"container\" data-e-type=\"container\">\n\t\t\t\t<\/div>\n\t\t<div class=\"elementor-element elementor-element-cd0dbc4 e-con-full e-flex e-con e-child\" data-id=\"cd0dbc4\" data-element_type=\"container\" data-e-type=\"container\" data-settings=\"{&quot;motion_fx_motion_fx_scrolling&quot;:&quot;yes&quot;,&quot;motion_fx_translateY_effect&quot;:&quot;yes&quot;,&quot;motion_fx_translateY_affectedRange&quot;:{&quot;unit&quot;:&quot;%&quot;,&quot;size&quot;:&quot;&quot;,&quot;sizes&quot;:{&quot;start&quot;:0,&quot;end&quot;:50}},&quot;motion_fx_translateY_speed&quot;:{&quot;unit&quot;:&quot;px&quot;,&quot;size&quot;:4,&quot;sizes&quot;:[]},&quot;motion_fx_devices&quot;:[&quot;desktop&quot;,&quot;tablet&quot;,&quot;mobile&quot;]}\">\n\t\t\t\t<\/div>\n\t\t\t\t\t<\/div>\n\t\t\t\t<\/div>\n\t\t\t\t<\/div>\n\t\t","protected":false},"excerpt":{"rendered":"","protected":false},"author":1,"featured_media":0,"parent":0,"menu_order":0,"comment_status":"closed","ping_status":"closed","template":"","meta":{"_acf_changed":false,"footnotes":""},"class_list":["post-6304","page","type-page","status-publish","hentry"],"acf":[],"yoast_head":"<!-- This site is optimized with the Yoast SEO plugin v28.4 - https:\/\/yoast.com\/product\/yoast-seo-wordpress\/ -->\n<title>FAHRRAD-RAUM | La Couronne<\/title>\n<meta name=\"robots\" content=\"index, follow, max-snippet:-1, max-image-preview:large, max-video-preview:-1\" \/>\n<link rel=\"canonical\" href=\"https:\/\/couronne-morges.ch\/de\/bar\/\" \/>\n<meta property=\"og:locale\" content=\"de_DE\" \/>\n<meta property=\"og:type\" content=\"article\" \/>\n<meta property=\"og:title\" content=\"FAHRRAD-RAUM | La Couronne\" \/>\n<meta property=\"og:url\" content=\"https:\/\/couronne-morges.ch\/de\/bar\/\" \/>\n<meta property=\"og:site_name\" content=\"La Couronne\" \/>\n<meta property=\"article:publisher\" content=\"https:\/\/www.facebook.com\/people\/Hotel-de-la-Couronne\/100089196680170\/\" \/>\n<meta property=\"article:modified_time\" content=\"2025-04-28T09:09:53+00:00\" \/>\n<meta name=\"twitter:card\" content=\"summary_large_image\" \/>\n<script type=\"application\/ld+json\" class=\"yoast-schema-graph\">{\"@context\":\"https:\\\/\\\/schema.org\",\"@graph\":[{\"@type\":\"WebPage\",\"@id\":\"https:\\\/\\\/couronne-morges.ch\\\/de\\\/bar\\\/\",\"url\":\"https:\\\/\\\/couronne-morges.ch\\\/de\\\/bar\\\/\",\"name\":\"FAHRRAD-RAUM | La Couronne\",\"isPartOf\":{\"@id\":\"https:\\\/\\\/couronne-morges.ch\\\/#website\"},\"datePublished\":\"2023-12-13T10:45:07+00:00\",\"dateModified\":\"2025-04-28T09:09:53+00:00\",\"breadcrumb\":{\"@id\":\"https:\\\/\\\/couronne-morges.ch\\\/de\\\/bar\\\/#breadcrumb\"},\"inLanguage\":\"de\",\"potentialAction\":[{\"@type\":\"ReadAction\",\"target\":[\"https:\\\/\\\/couronne-morges.ch\\\/de\\\/bar\\\/\"]}]},{\"@type\":\"BreadcrumbList\",\"@id\":\"https:\\\/\\\/couronne-morges.ch\\\/de\\\/bar\\\/#breadcrumb\",\"itemListElement\":[{\"@type\":\"ListItem\",\"position\":1,\"name\":\"Accueil\",\"item\":\"https:\\\/\\\/couronne-morges.ch\\\/de\\\/\"},{\"@type\":\"ListItem\",\"position\":2,\"name\":\"FAHRRAD-RAUM\"}]},{\"@type\":\"WebSite\",\"@id\":\"https:\\\/\\\/couronne-morges.ch\\\/#website\",\"url\":\"https:\\\/\\\/couronne-morges.ch\\\/\",\"name\":\"La Couronne\",\"description\":\"\",\"publisher\":{\"@id\":\"https:\\\/\\\/couronne-morges.ch\\\/#organization\"},\"potentialAction\":[{\"@type\":\"SearchAction\",\"target\":{\"@type\":\"EntryPoint\",\"urlTemplate\":\"https:\\\/\\\/couronne-morges.ch\\\/?s={search_term_string}\"},\"query-input\":{\"@type\":\"PropertyValueSpecification\",\"valueRequired\":true,\"valueName\":\"search_term_string\"}}],\"inLanguage\":\"de\"},{\"@type\":\"Organization\",\"@id\":\"https:\\\/\\\/couronne-morges.ch\\\/#organization\",\"name\":\"La Couronne\",\"url\":\"https:\\\/\\\/couronne-morges.ch\\\/\",\"logo\":{\"@type\":\"ImageObject\",\"inLanguage\":\"de\",\"@id\":\"https:\\\/\\\/couronne-morges.ch\\\/#\\\/schema\\\/logo\\\/image\\\/\",\"url\":\"https:\\\/\\\/couronne-morges.ch\\\/wp-content\\\/uploads\\\/2023\\\/10\\\/la-couronne-horizontal-logo-blue-1..svg\",\"contentUrl\":\"https:\\\/\\\/couronne-morges.ch\\\/wp-content\\\/uploads\\\/2023\\\/10\\\/la-couronne-horizontal-logo-blue-1..svg\",\"width\":437,\"height\":99,\"caption\":\"La Couronne\"},\"image\":{\"@id\":\"https:\\\/\\\/couronne-morges.ch\\\/#\\\/schema\\\/logo\\\/image\\\/\"},\"sameAs\":[\"https:\\\/\\\/www.facebook.com\\\/people\\\/Hotel-de-la-Couronne\\\/100089196680170\\\/\",\"https:\\\/\\\/www.instagram.com\\\/lacouronnemorges\\\/\",\"https:\\\/\\\/ch.linkedin.com\\\/company\\\/htel-de-la-couronne-morges\"]}]}<\/script>\n<!-- \/ Yoast SEO plugin. -->","yoast_head_json":{"title":"FAHRRAD-RAUM | La Couronne","robots":{"index":"index","follow":"follow","max-snippet":"max-snippet:-1","max-image-preview":"max-image-preview:large","max-video-preview":"max-video-preview:-1"},"canonical":"https:\/\/couronne-morges.ch\/de\/bar\/","og_locale":"de_DE","og_type":"article","og_title":"FAHRRAD-RAUM | La Couronne","og_url":"https:\/\/couronne-morges.ch\/de\/bar\/","og_site_name":"La Couronne","article_publisher":"https:\/\/www.facebook.com\/people\/Hotel-de-la-Couronne\/100089196680170\/","article_modified_time":"2025-04-28T09:09:53+00:00","twitter_card":"summary_large_image","schema":{"@context":"https:\/\/schema.org","@graph":[{"@type":"WebPage","@id":"https:\/\/couronne-morges.ch\/de\/bar\/","url":"https:\/\/couronne-morges.ch\/de\/bar\/","name":"FAHRRAD-RAUM | La Couronne","isPartOf":{"@id":"https:\/\/couronne-morges.ch\/#website"},"datePublished":"2023-12-13T10:45:07+00:00","dateModified":"2025-04-28T09:09:53+00:00","breadcrumb":{"@id":"https:\/\/couronne-morges.ch\/de\/bar\/#breadcrumb"},"inLanguage":"de","potentialAction":[{"@type":"ReadAction","target":["https:\/\/couronne-morges.ch\/de\/bar\/"]}]},{"@type":"BreadcrumbList","@id":"https:\/\/couronne-morges.ch\/de\/bar\/#breadcrumb","itemListElement":[{"@type":"ListItem","position":1,"name":"Accueil","item":"https:\/\/couronne-morges.ch\/de\/"},{"@type":"ListItem","position":2,"name":"FAHRRAD-RAUM"}]},{"@type":"WebSite","@id":"https:\/\/couronne-morges.ch\/#website","url":"https:\/\/couronne-morges.ch\/","name":"La Couronne","description":"","publisher":{"@id":"https:\/\/couronne-morges.ch\/#organization"},"potentialAction":[{"@type":"SearchAction","target":{"@type":"EntryPoint","urlTemplate":"https:\/\/couronne-morges.ch\/?s={search_term_string}"},"query-input":{"@type":"PropertyValueSpecification","valueRequired":true,"valueName":"search_term_string"}}],"inLanguage":"de"},{"@type":"Organization","@id":"https:\/\/couronne-morges.ch\/#organization","name":"La Couronne","url":"https:\/\/couronne-morges.ch\/","logo":{"@type":"ImageObject","inLanguage":"de","@id":"https:\/\/couronne-morges.ch\/#\/schema\/logo\/image\/","url":"https:\/\/couronne-morges.ch\/wp-content\/uploads\/2023\/10\/la-couronne-horizontal-logo-blue-1..svg","contentUrl":"https:\/\/couronne-morges.ch\/wp-content\/uploads\/2023\/10\/la-couronne-horizontal-logo-blue-1..svg","width":437,"height":99,"caption":"La Couronne"},"image":{"@id":"https:\/\/couronne-morges.ch\/#\/schema\/logo\/image\/"},"sameAs":["https:\/\/www.facebook.com\/people\/Hotel-de-la-Couronne\/100089196680170\/","https:\/\/www.instagram.com\/lacouronnemorges\/","https:\/\/ch.linkedin.com\/company\/htel-de-la-couronne-morges"]}]}},"_links":{"self":[{"href":"https:\/\/couronne-morges.ch\/de\/wp-json\/wp\/v2\/pages\/6304","targetHints":{"allow":["GET"]}}],"collection":[{"href":"https:\/\/couronne-morges.ch\/de\/wp-json\/wp\/v2\/pages"}],"about":[{"href":"https:\/\/couronne-morges.ch\/de\/wp-json\/wp\/v2\/types\/page"}],"author":[{"embeddable":true,"href":"https:\/\/couronne-morges.ch\/de\/wp-json\/wp\/v2\/users\/1"}],"replies":[{"embeddable":true,"href":"https:\/\/couronne-morges.ch\/de\/wp-json\/wp\/v2\/comments?post=6304"}],"version-history":[{"count":0,"href":"https:\/\/couronne-morges.ch\/de\/wp-json\/wp\/v2\/pages\/6304\/revisions"}],"wp:attachment":[{"href":"https:\/\/couronne-morges.ch\/de\/wp-json\/wp\/v2\/media?parent=6304"}],"curies":[{"name":"wp","href":"https:\/\/api.w.org\/{rel}","templated":true}]}}